{"id":135,"date":"2021-05-17T11:56:25","date_gmt":"2021-05-17T09:56:25","guid":{"rendered":"http:\/\/nowa.istmus.pl\/?page_id=135"},"modified":"2022-03-02T07:45:41","modified_gmt":"2022-03-02T06:45:41","slug":"oferta","status":"publish","type":"page","link":"http:\/\/istmus.pl\/?page_id=135","title":{"rendered":"Oferta"},"content":{"rendered":"<p><font color=\"black\"><\/p>\n<h4>W katalogu naszych us\u0142ug s\u0105 zar\u00f3wno spotkania terapeutyczne, jak i konsultacyjne oraz szkolenia.<\/h4>\n\n<table id=\"tablepress-1\" class=\"tablepress tablepress-id-1\">\n<tbody class=\"row-hover\">\n<tr class=\"row-1 odd\">\n\t<td class=\"column-1\">Konsultacja psychologiczna<\/td><td class=\"column-2\">300 z\u0142<\/td>\n<\/tr>\n<tr class=\"row-2 even\">\n\t<td class=\"column-1\">Konsultacja wybi\u00f3rczo\u015bci pokarmowej<\/td><td class=\"column-2\">250 z\u0142<\/td>\n<\/tr>\n<tr class=\"row-3 odd\">\n\t<td class=\"column-1\">Konsultacja logopedyczna <\/td><td class=\"column-2\">300 z\u0142<\/td>\n<\/tr>\n<tr class=\"row-4 even\">\n\t<td class=\"column-1\">Konsultacja z terapeut\u0105 SI<\/td><td class=\"column-2\">300 z\u0142<\/td>\n<\/tr>\n<tr class=\"row-5 odd\">\n\t<td class=\"column-1\">Ocena proces\u00f3w integracji sensorycznej z pisemnym raportem oraz zaleceniami do pracy w domu<\/td><td class=\"column-2\">650 z\u0142<\/td>\n<\/tr>\n<tr class=\"row-6 even\">\n\t<td class=\"column-1\">Wydanie opinii <\/td><td class=\"column-2\">200 z\u0142<\/td>\n<\/tr>\n<tr class=\"row-7 odd\">\n\t<td class=\"column-1\">Wydanie za\u015bwiadczenia<\/td><td class=\"column-2\">50 z\u0142<\/td>\n<\/tr>\n<tr class=\"row-8 even\">\n\t<td class=\"column-1\">Badanie psychologiczne (testowe) <\/td><td class=\"column-2\"> cena badania ustalana jest indywidualnie, gdy\u017c zale\u017cy od czasu potrzebnego na jego przeprowadzenie, obliczenie wynik\u00f3w oraz interpretacj\u0119<\/td>\n<\/tr>\n<tr class=\"row-9 odd\">\n\t<td class=\"column-1\">Terapia psychologiczna<\/td><td class=\"column-2\">150 z\u0142<\/td>\n<\/tr>\n<tr class=\"row-10 even\">\n\t<td class=\"column-1\">Terapia Integracji Sensorycznej (45-60 min) <\/td><td class=\"column-2\">150 z\u0142<\/td>\n<\/tr>\n<tr class=\"row-11 odd\">\n\t<td class=\"column-1\">Terapia logopedyczna (45-60 min)<\/td><td class=\"column-2\">150 z\u0142<\/td>\n<\/tr>\n<tr class=\"row-12 even\">\n\t<td class=\"column-1\">Terapia wybi\u00f3rczo\u015bci pokarmowej<\/td><td class=\"column-2\">200 z\u0142<\/td>\n<\/tr>\n<tr class=\"row-13 odd\">\n\t<td class=\"column-1\">Terapia r\u0119ki (45-60 min)<\/td><td class=\"column-2\">150 z\u0142<\/td>\n<\/tr>\n<tr class=\"row-14 even\">\n\t<td class=\"column-1\">Terapia czaszkowo-krzy\u017cowa<\/td><td class=\"column-2\">150 z\u0142<\/td>\n<\/tr>\n<tr class=\"row-15 odd\">\n\t<td class=\"column-1\">Terapia r\u0119ki \/ Grafomotoryka \u2013 diagnoza i ocena motoryki r\u0119ki<\/td><td class=\"column-2\">250 z\u0142<\/td>\n<\/tr>\n<tr class=\"row-16 even\">\n\t<td class=\"column-1\">Terapia EEG-Biofeedback<\/td><td class=\"column-2\">140 z\u0142<\/td>\n<\/tr>\n<tr class=\"row-17 odd\">\n\t<td class=\"column-1\">Terapia Metod\u0105 Warnkego <\/td><td class=\"column-2\">140 z\u0142<\/td>\n<\/tr>\n<tr class=\"row-18 even\">\n\t<td class=\"column-1\">Trening s\u0142uchowy Johansena<\/td><td class=\"column-2\">140 z\u0142<\/td>\n<\/tr>\n<tr class=\"row-19 odd\">\n\t<td class=\"column-1\">Trening Umiej\u0119tno\u015bci Spo\u0142ecznych <\/td><td class=\"column-2\">480 z\u0142 miesi\u0105c<\/td>\n<\/tr>\n<tr class=\"row-20 even\">\n\t<td class=\"column-1\">Trening funkcji poznawczych<\/td><td class=\"column-2\">140 z\u0142<\/td>\n<\/tr>\n<tr class=\"row-21 odd\">\n\t<td class=\"column-1\">Program domowy<\/td><td class=\"column-2\">150 z\u0142<\/td>\n<\/tr>\n<tr class=\"row-22 even\">\n\t<td class=\"column-1\">Diagnoza EEG-BIOFEEDBACK <\/td><td class=\"column-2\">250 z\u0142<\/td>\n<\/tr>\n<tr class=\"row-23 odd\">\n\t<td class=\"column-1\">Badanie Centralnego przetwarzania s\u0142uchowego<\/td><td class=\"column-2\">250 z\u0142<\/td>\n<\/tr>\n<tr class=\"row-24 even\">\n\t<td class=\"column-1\">Turnus mikropolaryzacji - 10 sesji<\/td><td class=\"column-2\">1000 z\u0142<\/td>\n<\/tr>\n<tr class=\"row-25 odd\">\n\t<td class=\"column-1\">Turnus mikropolaryzacji - 10 sesji plus terapia<\/td><td class=\"column-2\">1600 z\u0142<\/td>\n<\/tr>\n<tr class=\"row-26 even\">\n\t<td class=\"column-1\">Elektrosymulacja logopedyczna - 10 sesji (oko\u0142o 30 min.)<\/td><td class=\"column-2\">700 z\u0142<\/td>\n<\/tr>\n<tr class=\"row-27 odd\">\n\t<td class=\"column-1\">Badania ADOS-2 (wywiad z rodzicem, spotkanie diagnostyczne, pisemny raport z badania, om\u00f3wienie)<\/td><td class=\"column-2\">900 z\u0142<\/td>\n<\/tr>\n<tr class=\"row-28 even\">\n\t<td class=\"column-1\">Masa\u017c 30min<\/td><td class=\"column-2\">80 z\u0142<\/td>\n<\/tr>\n<tr class=\"row-29 odd\">\n\t<td class=\"column-1\">Masa\u017c 60min<\/td><td class=\"column-2\">160 z\u0142<\/td>\n<\/tr>\n<\/tbody>\n<\/table>\n<!-- #tablepress-1 from cache -->\n<h4>Szkolenia<\/h4>\n\n<table id=\"tablepress-2\" class=\"tablepress tablepress-id-2\">\n<thead>\n<tr class=\"row-1 odd\">\n\t<th class=\"column-1\">Tematyka szkolenia<\/th><th class=\"column-2\">Prowadz\u0105cy<\/th><th class=\"column-3\">Termin<\/th>\n<\/tr>\n<\/thead>\n<tbody class=\"row-hover\">\n<tr class=\"row-2 even\">\n\t<td class=\"column-1\">Wady postawy u dzieci w wieku przedszkolnym i wczesnoszkolnym.<\/td><td class=\"column-2\">Ma\u0142gorzata Zab\u0142ocka<\/td><td class=\"column-3\">23 pa\u017adziernika 2021 r.<\/td>\n<\/tr>\n<tr class=\"row-3 odd\">\n\t<td class=\"column-1\">Dysleksja \u2013 Jak jej zapobiega\u0107 w wieku przedszkolnym i wczesnoszkolnym.<br \/>\n<\/td><td class=\"column-2\">Marta Gajewska<\/td><td class=\"column-3\">30 pa\u017adziernika 2021 r.<\/td>\n<\/tr>\n<tr class=\"row-4 even\">\n\t<td class=\"column-1\">Rozwijanie mowy u dzieci w wieku przedszkolnym.<\/td><td class=\"column-2\">Marta Gajewska<\/td><td class=\"column-3\">6 listopada 2021 r.<\/td>\n<\/tr>\n<tr class=\"row-5 odd\">\n\t<td class=\"column-1\">Zaburzenia Integracji Sensorycznej u dzieci w przedszkolu i szkole \u2013 Cz. 1.<br \/>\n<\/td><td class=\"column-2\">Dorota Pikulicka<\/td><td class=\"column-3\">20 listopada 2021 r.<\/td>\n<\/tr>\n<tr class=\"row-6 even\">\n\t<td class=\"column-1\">Rozumienie dziecka z diagnoz\u0105 autyzmu.<\/td><td class=\"column-2\">Dorota Pikulicka<\/td><td class=\"column-3\">21 listopada 2021 r.<\/td>\n<\/tr>\n<tr class=\"row-7 odd\">\n\t<td class=\"column-1\">Prawid\u0142owe rozwijanie mowy u dzieci z autyzmem, z wykorzystaniem za\u0142o\u017ce\u0144 metody krakowskiej \u2013 pocz\u0105tek drogi.<\/td><td class=\"column-2\">Marta Gajewska<\/td><td class=\"column-3\">27 listopada 2021 r.<\/td>\n<\/tr>\n<tr class=\"row-8 even\">\n\t<td class=\"column-1\">Terapia zaburze\u0144 artykulacyjnych w wieku przedszkolnym i szkolnym.<br \/>\n<\/td><td class=\"column-2\">Marta Gajewska<\/td><td class=\"column-3\">4 grudnia 2021 r.<\/td>\n<\/tr>\n<tr class=\"row-9 odd\">\n\t<td class=\"column-1\">Dziecko ze spektrum autyzmu w przedszkolu i szkole \u2013 Cz. 2.<br \/>\n<\/td><td class=\"column-2\">Dorota Pikulicka<\/td><td class=\"column-3\">11 grudnia 2021 r.<\/td>\n<\/tr>\n<\/tbody>\n<\/table>\n<!-- #tablepress-2 from cache -->\n<p>Koszt uczestnictwa w szkoleniu wynosi 250 z\u0142<\/p>\n<p><a href=\"http:\/\/nowa.istmus.pl\/wp-content\/uploads\/2021\/10\/Plakat_szkolenia_2021_net.pdf\">Pobierz plakat z propozycj\u0105 szkole\u0144 w 2021 r.<\/a><\/p>\n<p><a href=\"http:\/\/nowa.istmus.pl\/wp-content\/uploads\/2021\/10\/Plakat_szkolenia_2021_net.pdf\"><img loading=\"lazy\" class=\"alignleft wp-image-186\" src=\"http:\/\/nowa.istmus.pl\/wp-content\/uploads\/2021\/10\/Plakat_szkolenia_net-212x300.jpg\" alt=\"\" width=\"350\" height=\"495\" srcset=\"http:\/\/istmus.pl\/wp-content\/uploads\/2021\/10\/Plakat_szkolenia_net-212x300.jpg 212w, http:\/\/istmus.pl\/wp-content\/uploads\/2021\/10\/Plakat_szkolenia_net-724x1024.jpg 724w, http:\/\/istmus.pl\/wp-content\/uploads\/2021\/10\/Plakat_szkolenia_net-768x1086.jpg 768w, http:\/\/istmus.pl\/wp-content\/uploads\/2021\/10\/Plakat_szkolenia_net-764x1080.jpg 764w, http:\/\/istmus.pl\/wp-content\/uploads\/2021\/10\/Plakat_szkolenia_net.jpg 827w\" sizes=\"(max-width: 350px) 100vw, 350px\" \/><\/a><\/p>\n","protected":false},"excerpt":{"rendered":"<p>W katalogu naszych us\u0142ug s\u0105 zar\u00f3wno spotkania terapeutyczne, jak i konsultacyjne oraz szkolenia. Szkolenia Koszt uczestnictwa w szkoleniu wynosi 250 z\u0142 Pobierz plakat z propozycj\u0105 szkole\u0144 w 2021 r.<\/p>\n","protected":false},"author":1,"featured_media":0,"parent":0,"menu_order":0,"comment_status":"closed","ping_status":"closed","template":"","meta":[],"_links":{"self":[{"href":"http:\/\/istmus.pl\/index.php?rest_route=\/wp\/v2\/pages\/135"}],"collection":[{"href":"http:\/\/istmus.pl\/index.php?rest_route=\/wp\/v2\/pages"}],"about":[{"href":"http:\/\/istmus.pl\/index.php?rest_route=\/wp\/v2\/types\/page"}],"author":[{"embeddable":true,"href":"http:\/\/istmus.pl\/index.php?rest_route=\/wp\/v2\/users\/1"}],"replies":[{"embeddable":true,"href":"http:\/\/istmus.pl\/index.php?rest_route=%2Fwp%2Fv2%2Fcomments&post=135"}],"version-history":[{"count":7,"href":"http:\/\/istmus.pl\/index.php?rest_route=\/wp\/v2\/pages\/135\/revisions"}],"predecessor-version":[{"id":314,"href":"http:\/\/istmus.pl\/index.php?rest_route=\/wp\/v2\/pages\/135\/revisions\/314"}],"wp:attachment":[{"href":"http:\/\/istmus.pl\/index.php?rest_route=%2Fwp%2Fv2%2Fmedia&parent=135"}],"curies":[{"name":"wp","href":"https:\/\/api.w.org\/{rel}","templated":true}]}}